{"id":8,"date":"2022-09-21T12:55:09","date_gmt":"2022-09-21T10:55:09","guid":{"rendered":"https:\/\/bm-cosmetic.de\/?page_id=8"},"modified":"2023-06-01T07:38:26","modified_gmt":"2023-06-01T05:38:26","slug":"about","status":"publish","type":"page","link":"https:\/\/bm-cosmetic.de\/?page_id=8","title":{"rendered":"\u00dcber Uns"},"content":{"rendered":"\n<h4 class=\"wp-block-heading has-text-align-center has-large-font-size\" id=\"inspiro-is-a-digital-product-agency-that-focuses-on-strategy-and-design\" style=\"font-style:normal;font-weight:100\">BEAUTY &amp; MORE<br><strong>Friseurbedarf seit 1995<\/strong><\/h4>\n\n\n\n<div style=\"height:46px\" aria-hidden=\"true\" class=\"wp-block-spacer\"><\/div>\n\n\n\n<div class=\"wp-block-group alignfull\"><div class=\"wp-block-group__inner-container is-layout-constrained wp-block-group-is-layout-constrained\">\n<div class=\"wp-block-columns alignwide is-layout-flex wp-container-core-columns-is-layout-9d6595d7 wp-block-columns-is-layout-flex\">\n<div class=\"wp-block-column is-vertically-aligned-center is-layout-flow wp-block-column-is-layout-flow\">\n<figure class=\"wp-block-image size-full is-resized\"><img loading=\"lazy\" decoding=\"async\" src=\"https:\/\/bm-cosmetic.de\/wp-content\/uploads\/2022\/11\/bmlogo.png\" alt=\"\" class=\"wp-image-351\" width=\"414\" height=\"233\" srcset=\"https:\/\/bm-cosmetic.de\/wp-content\/uploads\/2022\/11\/bmlogo.png 1010w, https:\/\/bm-cosmetic.de\/wp-content\/uploads\/2022\/11\/bmlogo-300x169.png 300w, https:\/\/bm-cosmetic.de\/wp-content\/uploads\/2022\/11\/bmlogo-768x433.png 768w\" sizes=\"auto, (max-width: 414px) 100vw, 414px\" \/><\/figure>\n<\/div>\n\n\n\n<div class=\"wp-block-column is-vertically-aligned-center ticss-3eec6df9 is-layout-flow wp-block-column-is-layout-flow\">\n<p style=\"font-style:normal;font-weight:100\">Beauty &amp; More ist ein Familienunternehmen,<br>das auf den Verkauf und Vertrieb von <strong>Friseurund Kosmetikbedarf<\/strong> ausgerichtet ist. Wir sind ein Gro\u00df- und Einzelhandel mit dem Ziel, attraktive Produkte f\u00fcr alle Gewerbetreibenden der Branche sowie interessierte<br>Endverbraucher anzubieten. Mit Produkten von namhaften Herstellern, spannenden<br>Exklusivmarken, wertvollen Eigenmarken und lukrativen Workshops wollen wir unseren<br>Kunden ausschlie\u00dflich das Bestm\u00f6gliche bieten.<br>Beauty &amp; More wurde gegr\u00fcndet um Salons mit den besten Marken der Welt zu versorgen. Wir lieben Haare und sind immer auf der Suche nach den besten Produkten aus der ganzen Welt.<\/p>\n<\/div>\n<\/div>\n<\/div><\/div>\n\n\n\n<div style=\"height:150px\" aria-hidden=\"true\" class=\"wp-block-spacer\"><\/div>\n\n\n\n<div class=\"wp-block-group alignfull has-black-background-color has-background\"><div class=\"wp-block-group__inner-container is-layout-constrained wp-block-group-is-layout-constrained\">\n<div class=\"wp-block-columns is-layout-flex wp-container-core-columns-is-layout-9d6595d7 wp-block-columns-is-layout-flex\">\n<div class=\"wp-block-column is-layout-flow wp-block-column-is-layout-flow\">\n<figure class=\"wp-block-image size-full\"><img loading=\"lazy\" decoding=\"async\" width=\"434\" height=\"434\" src=\"https:\/\/bm-cosmetic.de\/wp-content\/uploads\/2022\/11\/BM_Marken.png\" alt=\"\" class=\"wp-image-381\" srcset=\"https:\/\/bm-cosmetic.de\/wp-content\/uploads\/2022\/11\/BM_Marken.png 434w, https:\/\/bm-cosmetic.de\/wp-content\/uploads\/2022\/11\/BM_Marken-300x300.png 300w, https:\/\/bm-cosmetic.de\/wp-content\/uploads\/2022\/11\/BM_Marken-150x150.png 150w\" sizes=\"auto, (max-width: 434px) 100vw, 434px\" \/><\/figure>\n\n\n\n<p class=\"has-text-align-center has-white-color has-text-color\"><strong>80<br>Marken<\/strong><\/p>\n<\/div>\n\n\n\n<div class=\"wp-block-column is-layout-flow wp-block-column-is-layout-flow\">\n<figure class=\"wp-block-image size-full\"><img loading=\"lazy\" decoding=\"async\" width=\"434\" height=\"434\" src=\"https:\/\/bm-cosmetic.de\/wp-content\/uploads\/2022\/11\/BM_Einkaufswagen.png\" alt=\"\" class=\"wp-image-378\" srcset=\"https:\/\/bm-cosmetic.de\/wp-content\/uploads\/2022\/11\/BM_Einkaufswagen.png 434w, https:\/\/bm-cosmetic.de\/wp-content\/uploads\/2022\/11\/BM_Einkaufswagen-300x300.png 300w, https:\/\/bm-cosmetic.de\/wp-content\/uploads\/2022\/11\/BM_Einkaufswagen-150x150.png 150w\" sizes=\"auto, (max-width: 434px) 100vw, 434px\" \/><\/figure>\n\n\n\n<p class=\"has-text-align-center has-white-color has-text-color\"><strong>15.000 Artikel<br>im Sortiment<\/strong><\/p>\n<\/div>\n\n\n\n<div class=\"wp-block-column is-layout-flow wp-block-column-is-layout-flow\">\n<figure class=\"wp-block-image size-full\"><img loading=\"lazy\" decoding=\"async\" width=\"434\" height=\"434\" src=\"https:\/\/bm-cosmetic.de\/wp-content\/uploads\/2022\/11\/BM_Lager.png\" alt=\"\" class=\"wp-image-380\" srcset=\"https:\/\/bm-cosmetic.de\/wp-content\/uploads\/2022\/11\/BM_Lager.png 434w, https:\/\/bm-cosmetic.de\/wp-content\/uploads\/2022\/11\/BM_Lager-300x300.png 300w, https:\/\/bm-cosmetic.de\/wp-content\/uploads\/2022\/11\/BM_Lager-150x150.png 150w\" sizes=\"auto, (max-width: 434px) 100vw, 434px\" \/><\/figure>\n\n\n\n<p class=\"has-text-align-center has-white-color has-text-color\"><strong>2500 qm<br>Lagerfl\u00e4che<\/strong><\/p>\n<\/div>\n\n\n\n<div class=\"wp-block-column is-layout-flow wp-block-column-is-layout-flow\">\n<figure class=\"wp-block-image size-full\"><img loading=\"lazy\" decoding=\"async\" width=\"434\" height=\"434\" src=\"https:\/\/bm-cosmetic.de\/wp-content\/uploads\/2022\/11\/BM_Laden.png\" alt=\"\" class=\"wp-image-379\" srcset=\"https:\/\/bm-cosmetic.de\/wp-content\/uploads\/2022\/11\/BM_Laden.png 434w, https:\/\/bm-cosmetic.de\/wp-content\/uploads\/2022\/11\/BM_Laden-300x300.png 300w, https:\/\/bm-cosmetic.de\/wp-content\/uploads\/2022\/11\/BM_Laden-150x150.png 150w\" sizes=\"auto, (max-width: 434px) 100vw, 434px\" \/><\/figure>\n\n\n\n<p class=\"has-text-align-center has-white-color has-text-color\"><strong>6 Fachm\u00e4rkte<br>in Deutschland<\/strong><\/p>\n<\/div>\n\n\n\n<div class=\"wp-block-column is-layout-flow wp-block-column-is-layout-flow\">\n<figure class=\"wp-block-image size-full\"><img loading=\"lazy\" decoding=\"async\" width=\"434\" height=\"434\" src=\"https:\/\/bm-cosmetic.de\/wp-content\/uploads\/2022\/11\/BM_Mitarbeiter.png\" alt=\"\" class=\"wp-image-377\" srcset=\"https:\/\/bm-cosmetic.de\/wp-content\/uploads\/2022\/11\/BM_Mitarbeiter.png 434w, https:\/\/bm-cosmetic.de\/wp-content\/uploads\/2022\/11\/BM_Mitarbeiter-300x300.png 300w, https:\/\/bm-cosmetic.de\/wp-content\/uploads\/2022\/11\/BM_Mitarbeiter-150x150.png 150w\" sizes=\"auto, (max-width: 434px) 100vw, 434px\" \/><\/figure>\n\n\n\n<p class=\"has-text-align-center has-white-color has-text-color\"><strong>40 motivierte<br>Mitarbeiter*innen<\/strong><\/p>\n<\/div>\n<\/div>\n<\/div><\/div>\n\n\n\n<p><\/p>\n\n\n\n<h1 class=\"wp-block-heading has-text-align-center\">Fachm\u00e4rkte<\/h1>\n\n\n\n<p class=\"has-text-align-center\" style=\"font-style:normal;font-weight:100\">Mit sechs Fachm\u00e4rkten bieten wir vor Ort einen Service, der sich an Gewerbe- und<br>Endkunden richtet. In unseren Filialen befindet sich eine gro\u00dfe Auswahl an Haarpflege,<br>Haarstyling, Colorationen, Elektroger\u00e4ten, Haarverl\u00e4ngerungen, D\u00fcfte und vieles mehr.<\/p>\n\n\n\n<div class=\"wp-block-group\"><div class=\"wp-block-group__inner-container is-layout-constrained wp-block-group-is-layout-constrained\">\n<div class=\"wp-block-columns alignwide are-vertically-aligned-top ticss-27eaa9d4 has-white-background-color has-background is-layout-flex wp-container-core-columns-is-layout-9d6595d7 wp-block-columns-is-layout-flex\" style=\"font-size:6px;font-style:normal;font-weight:100\">\n<div class=\"wp-block-column is-vertically-aligned-top is-layout-flow wp-block-column-is-layout-flow\">\n<figure class=\"wp-block-image size-large\"><img loading=\"lazy\" decoding=\"async\" width=\"1024\" height=\"1024\" src=\"https:\/\/bm-cosmetic.de\/wp-content\/uploads\/2022\/11\/Beauty_and_More_Gewerkenstr_11-min-1-1024x1024.jpeg\" alt=\"\" class=\"wp-image-300\" srcset=\"https:\/\/bm-cosmetic.de\/wp-content\/uploads\/2022\/11\/Beauty_and_More_Gewerkenstr_11-min-1-1024x1024.jpeg 1024w, https:\/\/bm-cosmetic.de\/wp-content\/uploads\/2022\/11\/Beauty_and_More_Gewerkenstr_11-min-1-300x300.jpeg 300w, https:\/\/bm-cosmetic.de\/wp-content\/uploads\/2022\/11\/Beauty_and_More_Gewerkenstr_11-min-1-150x150.jpeg 150w, https:\/\/bm-cosmetic.de\/wp-content\/uploads\/2022\/11\/Beauty_and_More_Gewerkenstr_11-min-1-768x768.jpeg 768w, https:\/\/bm-cosmetic.de\/wp-content\/uploads\/2022\/11\/Beauty_and_More_Gewerkenstr_11-min-1-1536x1536.jpeg 1536w, https:\/\/bm-cosmetic.de\/wp-content\/uploads\/2022\/11\/Beauty_and_More_Gewerkenstr_11-min-1-2048x2048.jpeg 2048w, https:\/\/bm-cosmetic.de\/wp-content\/uploads\/2022\/11\/Beauty_and_More_Gewerkenstr_11-min-1-2000x2000.jpeg 2000w\" sizes=\"auto, (max-width: 1024px) 100vw, 1024px\" \/><figcaption class=\"wp-element-caption\"><strong>Gelsenkirchen<\/strong><br><strong>Zentrale<\/strong><br>Gewerkenstra\u00dfe 34<br>45881 Gelsenkirchen<\/figcaption><\/figure>\n<\/div>\n\n\n\n<div class=\"wp-block-column is-vertically-aligned-top is-layout-flow wp-block-column-is-layout-flow\">\n<figure class=\"wp-block-image size-large is-style-default\"><img loading=\"lazy\" decoding=\"async\" width=\"1024\" height=\"1024\" src=\"https:\/\/bm-cosmetic.de\/wp-content\/uploads\/2022\/11\/Beauty_and_More_Beckhausen-min-1-1024x1024.jpg\" alt=\"\" class=\"wp-image-302\" srcset=\"https:\/\/bm-cosmetic.de\/wp-content\/uploads\/2022\/11\/Beauty_and_More_Beckhausen-min-1-1024x1024.jpg 1024w, https:\/\/bm-cosmetic.de\/wp-content\/uploads\/2022\/11\/Beauty_and_More_Beckhausen-min-1-300x300.jpg 300w, https:\/\/bm-cosmetic.de\/wp-content\/uploads\/2022\/11\/Beauty_and_More_Beckhausen-min-1-150x150.jpg 150w, https:\/\/bm-cosmetic.de\/wp-content\/uploads\/2022\/11\/Beauty_and_More_Beckhausen-min-1-768x768.jpg 768w, https:\/\/bm-cosmetic.de\/wp-content\/uploads\/2022\/11\/Beauty_and_More_Beckhausen-min-1-1536x1536.jpg 1536w, https:\/\/bm-cosmetic.de\/wp-content\/uploads\/2022\/11\/Beauty_and_More_Beckhausen-min-1-2048x2048.jpg 2048w, https:\/\/bm-cosmetic.de\/wp-content\/uploads\/2022\/11\/Beauty_and_More_Beckhausen-min-1-2000x2000.jpg 2000w\" sizes=\"auto, (max-width: 1024px) 100vw, 1024px\" \/><figcaption class=\"wp-element-caption\"><strong>Gelsenkirchen<\/strong><br><strong>Beckhausen<\/strong><br>Horster Str. 332<br>45899 Gelsenkirchen<\/figcaption><\/figure>\n<\/div>\n\n\n\n<div class=\"wp-block-column is-vertically-aligned-top is-layout-flow wp-block-column-is-layout-flow\">\n<figure class=\"wp-block-image size-large\"><img loading=\"lazy\" decoding=\"async\" width=\"1024\" height=\"1024\" src=\"https:\/\/bm-cosmetic.de\/wp-content\/uploads\/2022\/11\/Beauty_and_More_Erle-min-1-1024x1024.jpg\" alt=\"\" class=\"wp-image-303\" srcset=\"https:\/\/bm-cosmetic.de\/wp-content\/uploads\/2022\/11\/Beauty_and_More_Erle-min-1-1024x1024.jpg 1024w, https:\/\/bm-cosmetic.de\/wp-content\/uploads\/2022\/11\/Beauty_and_More_Erle-min-1-300x300.jpg 300w, https:\/\/bm-cosmetic.de\/wp-content\/uploads\/2022\/11\/Beauty_and_More_Erle-min-1-150x150.jpg 150w, https:\/\/bm-cosmetic.de\/wp-content\/uploads\/2022\/11\/Beauty_and_More_Erle-min-1-768x768.jpg 768w, https:\/\/bm-cosmetic.de\/wp-content\/uploads\/2022\/11\/Beauty_and_More_Erle-min-1-1536x1536.jpg 1536w, https:\/\/bm-cosmetic.de\/wp-content\/uploads\/2022\/11\/Beauty_and_More_Erle-min-1-2048x2048.jpg 2048w, https:\/\/bm-cosmetic.de\/wp-content\/uploads\/2022\/11\/Beauty_and_More_Erle-min-1-2000x2000.jpg 2000w\" sizes=\"auto, (max-width: 1024px) 100vw, 1024px\" \/><figcaption class=\"wp-element-caption\"><strong>Gelsenkirchen<\/strong><br><strong>Erle<\/strong><br>Cranger Str. 291<br>45891 Gelsenkirchen<\/figcaption><\/figure>\n<\/div>\n\n\n\n<div class=\"wp-block-column is-vertically-aligned-top is-layout-flow wp-block-column-is-layout-flow\">\n<figure class=\"wp-block-image size-large\"><img loading=\"lazy\" decoding=\"async\" width=\"1024\" height=\"1024\" src=\"https:\/\/bm-cosmetic.de\/wp-content\/uploads\/2022\/11\/Beauty_and_More_Buer-min-1-1024x1024.jpg\" alt=\"\" class=\"wp-image-301\" srcset=\"https:\/\/bm-cosmetic.de\/wp-content\/uploads\/2022\/11\/Beauty_and_More_Buer-min-1-1024x1024.jpg 1024w, https:\/\/bm-cosmetic.de\/wp-content\/uploads\/2022\/11\/Beauty_and_More_Buer-min-1-300x300.jpg 300w, https:\/\/bm-cosmetic.de\/wp-content\/uploads\/2022\/11\/Beauty_and_More_Buer-min-1-150x150.jpg 150w, https:\/\/bm-cosmetic.de\/wp-content\/uploads\/2022\/11\/Beauty_and_More_Buer-min-1-768x768.jpg 768w, https:\/\/bm-cosmetic.de\/wp-content\/uploads\/2022\/11\/Beauty_and_More_Buer-min-1-1536x1536.jpg 1536w, https:\/\/bm-cosmetic.de\/wp-content\/uploads\/2022\/11\/Beauty_and_More_Buer-min-1-2048x2048.jpg 2048w, https:\/\/bm-cosmetic.de\/wp-content\/uploads\/2022\/11\/Beauty_and_More_Buer-min-1-2000x2000.jpg 2000w\" sizes=\"auto, (max-width: 1024px) 100vw, 1024px\" \/><figcaption class=\"wp-element-caption\"><strong>Gelsenkirchen<\/strong><br><strong>Buer<\/strong><br>Hochstra\u00dfe 38<br>45894 Gelsenkirchen<\/figcaption><\/figure>\n<\/div>\n\n\n\n<div class=\"wp-block-column is-vertically-aligned-top is-layout-flow wp-block-column-is-layout-flow\">\n<figure class=\"wp-block-image size-large\"><img loading=\"lazy\" decoding=\"async\" width=\"1024\" height=\"1024\" src=\"https:\/\/bm-cosmetic.de\/wp-content\/uploads\/2022\/11\/Martin_lion_Bochum-min-1024x1024.jpg\" alt=\"\" class=\"wp-image-304\" srcset=\"https:\/\/bm-cosmetic.de\/wp-content\/uploads\/2022\/11\/Martin_lion_Bochum-min-1024x1024.jpg 1024w, https:\/\/bm-cosmetic.de\/wp-content\/uploads\/2022\/11\/Martin_lion_Bochum-min-300x300.jpg 300w, https:\/\/bm-cosmetic.de\/wp-content\/uploads\/2022\/11\/Martin_lion_Bochum-min-150x150.jpg 150w, https:\/\/bm-cosmetic.de\/wp-content\/uploads\/2022\/11\/Martin_lion_Bochum-min-768x768.jpg 768w, https:\/\/bm-cosmetic.de\/wp-content\/uploads\/2022\/11\/Martin_lion_Bochum-min-1536x1536.jpg 1536w, https:\/\/bm-cosmetic.de\/wp-content\/uploads\/2022\/11\/Martin_lion_Bochum-min-2048x2048.jpg 2048w, https:\/\/bm-cosmetic.de\/wp-content\/uploads\/2022\/11\/Martin_lion_Bochum-min-2000x2000.jpg 2000w\" sizes=\"auto, (max-width: 1024px) 100vw, 1024px\" \/><figcaption class=\"wp-element-caption\"><strong>Bochum<\/strong><br><strong>Zentrum<\/strong><br>Kortumstra\u00dfe 118<br>44787 Bochum<\/figcaption><\/figure>\n<\/div>\n\n\n\n<div class=\"wp-block-column is-layout-flow wp-block-column-is-layout-flow\">\n<figure class=\"wp-block-image size-full\"><img loading=\"lazy\" decoding=\"async\" width=\"300\" height=\"300\" src=\"https:\/\/bm-cosmetic.de\/wp-content\/uploads\/2023\/05\/Martin_lion_Essen-min.jpg\" alt=\"\" class=\"wp-image-434\" srcset=\"https:\/\/bm-cosmetic.de\/wp-content\/uploads\/2023\/05\/Martin_lion_Essen-min.jpg 300w, https:\/\/bm-cosmetic.de\/wp-content\/uploads\/2023\/05\/Martin_lion_Essen-min-150x150.jpg 150w\" sizes=\"auto, (max-width: 300px) 100vw, 300px\" \/><figcaption class=\"wp-element-caption\"><strong>Essen<\/strong><br><strong>R\u00fcttenscheid<\/strong><br>R\u00fcttenscheiderstr. 121<br>45130 Essen<br><\/figcaption><\/figure>\n<\/div>\n<\/div>\n\n\n\n<p><\/p>\n<\/div><\/div>\n\n\n\n<div style=\"height:35px\" aria-hidden=\"true\" class=\"wp-block-spacer\"><\/div>\n\n\n\n<div class=\"wp-block-group alignfull has-background\" style=\"background-color:#e5e9ec\"><div class=\"wp-block-group__inner-container is-layout-constrained wp-block-group-is-layout-constrained\">\n<div class=\"wp-block-columns is-layout-flex wp-container-core-columns-is-layout-9d6595d7 wp-block-columns-is-layout-flex\">\n<div class=\"wp-block-column is-vertically-aligned-center is-layout-flow wp-block-column-is-layout-flow\">\n<p style=\"font-style:normal;font-weight:100\">Wir bieten neben unserem Friseur- und Kosmetikbedarf auch <strong>Drogerieprodukte<\/strong> an.<br>So bietet unsere Eigenmarke Fresh &amp; More<br>qualitativ hochwertige und preiswerte<br>Drogerieprodukte.<\/p>\n<\/div>\n\n\n\n<div class=\"wp-block-column is-vertically-aligned-center is-layout-flow wp-block-column-is-layout-flow\">\n<figure class=\"wp-block-image size-large\"><img loading=\"lazy\" decoding=\"async\" width=\"1024\" height=\"768\" src=\"https:\/\/bm-cosmetic.de\/wp-content\/uploads\/2022\/11\/laden_innen-1024x768.jpg\" alt=\"\" class=\"wp-image-385\" srcset=\"https:\/\/bm-cosmetic.de\/wp-content\/uploads\/2022\/11\/laden_innen-1024x768.jpg 1024w, https:\/\/bm-cosmetic.de\/wp-content\/uploads\/2022\/11\/laden_innen-300x225.jpg 300w, https:\/\/bm-cosmetic.de\/wp-content\/uploads\/2022\/11\/laden_innen-768x576.jpg 768w, https:\/\/bm-cosmetic.de\/wp-content\/uploads\/2022\/11\/laden_innen-1536x1152.jpg 1536w, https:\/\/bm-cosmetic.de\/wp-content\/uploads\/2022\/11\/laden_innen-2048x1536.jpg 2048w, https:\/\/bm-cosmetic.de\/wp-content\/uploads\/2022\/11\/laden_innen-2000x1500.jpg 2000w\" sizes=\"auto, (max-width: 1024px) 100vw, 1024px\" \/><\/figure>\n<\/div>\n<\/div>\n<\/div><\/div>\n\n\n\n<div style=\"height:35px\" aria-hidden=\"true\" class=\"wp-block-spacer\"><\/div>\n\n\n\n<div class=\"wp-block-group\"><div class=\"wp-block-group__inner-container is-layout-constrained wp-block-group-is-layout-constrained\">\n<div class=\"wp-block-columns is-layout-flex wp-container-core-columns-is-layout-9d6595d7 wp-block-columns-is-layout-flex\">\n<div class=\"wp-block-column is-layout-flow wp-block-column-is-layout-flow\">\n<figure class=\"wp-block-image size-large\"><img loading=\"lazy\" decoding=\"async\" width=\"1024\" height=\"681\" src=\"https:\/\/bm-cosmetic.de\/wp-content\/uploads\/2023\/03\/Beauty_and_More_Lager-1024x681.jpg\" alt=\"\" class=\"wp-image-427\" srcset=\"https:\/\/bm-cosmetic.de\/wp-content\/uploads\/2023\/03\/Beauty_and_More_Lager-1024x681.jpg 1024w, https:\/\/bm-cosmetic.de\/wp-content\/uploads\/2023\/03\/Beauty_and_More_Lager-300x200.jpg 300w, https:\/\/bm-cosmetic.de\/wp-content\/uploads\/2023\/03\/Beauty_and_More_Lager-768x511.jpg 768w, https:\/\/bm-cosmetic.de\/wp-content\/uploads\/2023\/03\/Beauty_and_More_Lager-1536x1022.jpg 1536w, https:\/\/bm-cosmetic.de\/wp-content\/uploads\/2023\/03\/Beauty_and_More_Lager-2048x1363.jpg 2048w, https:\/\/bm-cosmetic.de\/wp-content\/uploads\/2023\/03\/Beauty_and_More_Lager-2000x1331.jpg 2000w\" sizes=\"auto, (max-width: 1024px) 100vw, 1024px\" \/><\/figure>\n<\/div>\n\n\n\n<div class=\"wp-block-column is-vertically-aligned-center is-layout-flow wp-block-column-is-layout-flow\">\n<p class=\"ticss-617a9523\" style=\"font-style:normal;font-weight:100\">Mit <strong>2500 Quadratmetern Lagerfl\u00e4che<\/strong> an unserem Hauptsitz in Gelsenkirchen ist eine schnelle und organisierte Lieferung gew\u00e4hrleistet.<\/p>\n<\/div>\n<\/div>\n<\/div><\/div>\n","protected":false},"excerpt":{"rendered":"<p>BEAUTY &amp; MOREFriseurbedarf seit 1995 Beauty &amp; More ist ein Familienunternehmen,das auf den Verkauf und Vertrieb von Friseurund Kosmetikbedarf ausgerichtet ist. Wir sind ein Gro\u00df- und Einzelhandel mit dem Ziel, attraktive Produkte f\u00fcr alle Gewerbetreibenden der Branche sowie interessierteEndverbraucher anzubieten. Mit Produkten von namhaften Herstellern, spannendenExklusivmarken, wertvollen Eigenmarken und lukrativen Workshops wollen wir unserenKunden ausschlie\u00dflich &hellip; <\/p>\n<p class=\"link-more\"><a href=\"https:\/\/bm-cosmetic.de\/?page_id=8\" class=\"more-link\">Mehr <span class=\"screen-reader-text\">\u00fcber &#8222;\u00dcber Uns&#8220; <\/span>Lesen<\/a><\/p>\n","protected":false},"author":1,"featured_media":292,"parent":0,"menu_order":0,"comment_status":"closed","ping_status":"closed","template":"","meta":{"_themeisle_gutenberg_block_has_review":false,"footnotes":""},"class_list":["post-8","page","type-page","status-publish","has-post-thumbnail","hentry"],"_links":{"self":[{"href":"https:\/\/bm-cosmetic.de\/index.php?rest_route=\/wp\/v2\/pages\/8","targetHints":{"allow":["GET"]}}],"collection":[{"href":"https:\/\/bm-cosmetic.de\/index.php?rest_route=\/wp\/v2\/pages"}],"about":[{"href":"https:\/\/bm-cosmetic.de\/index.php?rest_route=\/wp\/v2\/types\/page"}],"author":[{"embeddable":true,"href":"https:\/\/bm-cosmetic.de\/index.php?rest_route=\/wp\/v2\/users\/1"}],"replies":[{"embeddable":true,"href":"https:\/\/bm-cosmetic.de\/index.php?rest_route=%2Fwp%2Fv2%2Fcomments&post=8"}],"version-history":[{"count":33,"href":"https:\/\/bm-cosmetic.de\/index.php?rest_route=\/wp\/v2\/pages\/8\/revisions"}],"predecessor-version":[{"id":436,"href":"https:\/\/bm-cosmetic.de\/index.php?rest_route=\/wp\/v2\/pages\/8\/revisions\/436"}],"wp:featuredmedia":[{"embeddable":true,"href":"https:\/\/bm-cosmetic.de\/index.php?rest_route=\/wp\/v2\/media\/292"}],"wp:attachment":[{"href":"https:\/\/bm-cosmetic.de\/index.php?rest_route=%2Fwp%2Fv2%2Fmedia&parent=8"}],"curies":[{"name":"wp","href":"https:\/\/api.w.org\/{rel}","templated":true}]}}